{"id":963,"date":"2015-03-01T18:43:49","date_gmt":"2015-03-01T18:43:49","guid":{"rendered":"http:\/\/larv.se\/?page_id=963"},"modified":"2015-08-02T09:37:12","modified_gmt":"2015-08-02T09:37:12","slug":"arkiv","status":"publish","type":"page","link":"http:\/\/larv.se\/?page_id=963","title":{"rendered":"ARKIV"},"content":{"rendered":"<p>&nbsp;<\/p>\n<p><a href=\"http:\/\/larv.se\/wp-content\/uploads\/2013\/01\/gray_line_500x2.jpg\"><img loading=\"lazy\" src=\"http:\/\/larv.se\/wp-content\/uploads\/2013\/01\/gray_line_500x2.jpg\" alt=\"\" width=\"500\" height=\"2\" \/><\/a><\/p>\n<p>Klicka p\u00e5 bilden f\u00f6r st\u00f6rre version:<\/p>\n<p><a title=\"Klicka p\u00e5 bilden f\u00f6r st\u00f6rre version\" href=\"http:\/\/larv.se\/wp-content\/uploads\/2015\/04\/NLT-artikel-2015-04-13.jpg\"><img loading=\"lazy\" src=\"http:\/\/larv.se\/wp-content\/uploads\/2015\/02\/NLT-artikel-2015-04-13-500x355.jpg\" alt=\"\" width=\"500\" height=\"355\" \/><\/a><\/p>\n<p><a href=\"http:\/\/larv.se\/wp-content\/uploads\/2013\/01\/gray_line_500x2.jpg\"><img loading=\"lazy\" src=\"http:\/\/larv.se\/wp-content\/uploads\/2013\/01\/gray_line_500x2.jpg\" alt=\"\" width=\"500\" height=\"2\" \/><\/a><\/p>\n<p><a href=\"http:\/\/larv.se\/wp-content\/uploads\/2014\/12\/Wera-Pettersson-494x343.jpg\"><img loading=\"lazy\" src=\"http:\/\/larv.se\/wp-content\/uploads\/2014\/12\/Wera-Pettersson-494x343.jpg\" alt=\"\" width=\"494\" height=\"343\" \/><\/a><\/p>\n<p>Vid v\u00e4vstolen trivs \u00e5rets kulturpristagare Wera Pettersson utm\u00e4rkt. Foto: Mats Rosqvist<\/p>\n<p><strong>Wera f\u00f6rv\u00e5nad vinnare till kulturpriset<\/strong><\/p>\n<p>Wera Pettersson, Larv, f\u00e5r Vara kommuns kulturpris 2014. Sedan 60-talet har hon varit en drivande kraft i f\u00f6reningsliv och kultur i bygden.<\/p>\n<p>Det var en glad och omtumlad pristagare som fick beskedet p\u00e5 telefon att hon vunnit Vara kommuns kulturpris f\u00f6r 2014.<br \/>\n\u2014 Jag kan inte fatta detta! Jag, gamla m\u00e4nniskan. Vem i allsin dar har hittat p\u00e5 detta, l\u00f6d Wera Petterssons f\u00f6rsta reaktion efter beskedet.<\/p>\n<p>Det \u00e4r dock en synnerligen v\u00e4rdig pristagare som bildningsn\u00e4mnden utsett. Under fem decennier har hon varit aktiv i f\u00f6reningslivet i Larv. P\u00e5 60-talet var Wera Pettersson ordf\u00f6rande i Husmodersf\u00f6reningen och hon blev ocks\u00e5 studieledare f\u00f6r Folkuniversitetet som \u00e4r organisationens studief\u00f6rbund. Det var h\u00e4r som hon 1985 drog ig\u00e5ng den verksamhet som blivit en av de mest l\u00e5nglivade studiecirklarna n\u00e5gonsin, n\u00e4mligen v\u00e4vstugan i Larv. V\u00e4vstugan har tolv medlemmar som tr\u00e4ffas f\u00f6r att v\u00e4va och umg\u00e5s.<br \/>\n\u2014 Vi har s\u00e5 roligt ihop. Det sociala betyder mycket och s\u00e5 har vi deltagare som \u00e4r intresserade av hantverket och av att skapa med sina h\u00e4nder, f\u00f6rklarar Wera varf\u00f6r studiecirkeln fortfarande \u00e4r aktiv.<br \/>\nPriset delas ut den 15 december i samband med kommunfullm\u00e4ktiges sammantr\u00e4de.<\/p>\n<p><em>Publicerad 10 december 2014 i NLT<\/em><\/p>\n<p align=\"right\"><a href=\"http:\/\/larv.se\/wp-content\/uploads\/2013\/01\/gray_line_500x2.jpg\"><img loading=\"lazy\" src=\"http:\/\/larv.se\/wp-content\/uploads\/2013\/01\/gray_line_500x2.jpg\" alt=\"\" width=\"500\" height=\"2\" \/><\/a><\/p>\n<p>&nbsp;<\/p>\n<h2>Ny \u00a0bro i Larv<\/h2>\n<p><strong>F\u00f6re:<\/strong><\/p>\n<p><a href=\"http:\/\/larv.se\/wp-content\/uploads\/2014\/01\/DSCN2441.jpg\"><img loading=\"lazy\" src=\"http:\/\/larv.se\/wp-content\/uploads\/2014\/01\/DSCN2441-1024x768.jpg\" alt=\"\" width=\"430\" height=\"323\" \/><\/a><\/p>\n<p><strong>Efter:<\/strong><\/p>\n<p>F\u00f6rst \u00f6ver bron var Christer och Elisabet Robinsson. F\u00f6rsta bil var Bengt Lindfors. Julgranen uppsatt p\u00e5 bron dagen f\u00f6re julafton.<\/p>\n<p><a href=\"http:\/\/larv.se\/wp-content\/uploads\/2014\/01\/DSCN2646.jpg\"><img loading=\"lazy\" src=\"http:\/\/larv.se\/wp-content\/uploads\/2014\/01\/DSCN2646-1024x768.jpg\" alt=\"\" width=\"430\" height=\"323\" \/><\/a><\/p>\n<p><a href=\"http:\/\/larv.se\/wp-content\/uploads\/2014\/01\/DSCN2647.jpg\"><img loading=\"lazy\" src=\"http:\/\/larv.se\/wp-content\/uploads\/2014\/01\/DSCN2647-1024x768.jpg\" alt=\"\" width=\"430\" height=\"323\" \/><\/a><\/p>\n<p><a href=\"http:\/\/larv.se\/wp-content\/uploads\/2014\/01\/DSCN2649.jpg\"><img loading=\"lazy\" src=\"http:\/\/larv.se\/wp-content\/uploads\/2014\/01\/DSCN2649-1024x768.jpg\" alt=\"\" width=\"430\" height=\"323\" \/><\/a><\/p>\n<p><a href=\"http:\/\/larv.se\/wp-content\/uploads\/2014\/01\/DSCN2653.jpg\"><img loading=\"lazy\" src=\"http:\/\/larv.se\/wp-content\/uploads\/2014\/01\/DSCN2653-1024x768.jpg\" alt=\"\" width=\"430\" height=\"323\" \/><\/a><\/p>\n<p><a href=\"http:\/\/larv.se\/wp-content\/uploads\/2014\/01\/DSCN2633.jpg\"><img loading=\"lazy\" src=\"http:\/\/larv.se\/wp-content\/uploads\/2014\/01\/DSCN2633-768x1024.jpg\" alt=\"\" width=\"310\" height=\"413\" \/><\/a><\/p>\n<p><a href=\"http:\/\/larv.se\/wp-content\/uploads\/2014\/01\/DSCN2635.jpg\"><img loading=\"lazy\" src=\"http:\/\/larv.se\/wp-content\/uploads\/2014\/01\/DSCN2635-768x1024.jpg\" alt=\"\" width=\"310\" height=\"413\" \/><\/a><\/p>\n<p><a href=\"http:\/\/larv.se\/wp-content\/uploads\/2013\/01\/gray_line_500x2.jpg\"><img loading=\"lazy\" src=\"http:\/\/larv.se\/wp-content\/uploads\/2013\/01\/gray_line_500x2.jpg\" alt=\"\" width=\"500\" height=\"2\" \/><\/a><\/p>\n","protected":false},"excerpt":{"rendered":"<p>&nbsp; Klicka p\u00e5 bilden f\u00f6r st\u00f6rre version: Vid v\u00e4vstolen trivs \u00e5rets kulturpristagare Wera Pettersson utm\u00e4rkt. Foto: Mats Rosqvist Wera f\u00f6rv\u00e5nad vinnare till kulturpriset Wera Pettersson, Larv, f\u00e5r Vara kommuns kulturpris 2014. Sedan 60-talet har hon varit en drivande kraft i f\u00f6reningsliv och kultur i bygden. Det var en glad och omtumlad pristagare som fick beskedet [&hellip;]<\/p>\n","protected":false},"author":5,"featured_media":0,"parent":78,"menu_order":1,"comment_status":"closed","ping_status":"closed","template":"","meta":[],"_links":{"self":[{"href":"http:\/\/larv.se\/index.php?rest_route=\/wp\/v2\/pages\/963"}],"collection":[{"href":"http:\/\/larv.se\/index.php?rest_route=\/wp\/v2\/pages"}],"about":[{"href":"http:\/\/larv.se\/index.php?rest_route=\/wp\/v2\/types\/page"}],"author":[{"embeddable":true,"href":"http:\/\/larv.se\/index.php?rest_route=\/wp\/v2\/users\/5"}],"replies":[{"embeddable":true,"href":"http:\/\/larv.se\/index.php?rest_route=%2Fwp%2Fv2%2Fcomments&post=963"}],"version-history":[{"count":4,"href":"http:\/\/larv.se\/index.php?rest_route=\/wp\/v2\/pages\/963\/revisions"}],"predecessor-version":[{"id":1156,"href":"http:\/\/larv.se\/index.php?rest_route=\/wp\/v2\/pages\/963\/revisions\/1156"}],"up":[{"embeddable":true,"href":"http:\/\/larv.se\/index.php?rest_route=\/wp\/v2\/pages\/78"}],"wp:attachment":[{"href":"http:\/\/larv.se\/index.php?rest_route=%2Fwp%2Fv2%2Fmedia&parent=963"}],"curies":[{"name":"wp","href":"https:\/\/api.w.org\/{rel}","templated":true}]}}